{"id":706,"date":"2019-12-16T11:01:22","date_gmt":"2019-12-16T10:01:22","guid":{"rendered":"http:\/\/www.lecaveauduchateau.com\/?page_id=706"},"modified":"2024-05-03T15:18:32","modified_gmt":"2024-05-03T13:18:32","slug":"chateau-de-nalys","status":"publish","type":"page","link":"https:\/\/www.lecaveauduchateau.com\/en\/chateau-de-nalys\/","title":{"rendered":"Ch\u00e2teau de Nalys"},"content":{"rendered":"\t\t<div data-elementor-type=\"wp-page\" data-elementor-id=\"706\" class=\"elementor elementor-706\" data-elementor-post-type=\"page\">\n\t\t\t\t\t\t<section class=\"elementor-section elementor-top-section elementor-element elementor-element-1329c0a6 elementor-section-stretched elementor-section-height-min-height animated-slow elementor-section-boxed elementor-section-height-default elementor-section-items-middle elementor-invisible\" data-id=\"1329c0a6\" data-element_type=\"section\" data-e-type=\"section\" data-settings=\"{&quot;stretch_section&quot;:&quot;section-stretched&quot;,&quot;background_background&quot;:&quot;slideshow&quot;,&quot;background_slideshow_gallery&quot;:[{&quot;id&quot;:712,&quot;url&quot;:&quot;https:\\\/\\\/www.lecaveauduchateau.com\\\/wp-content\\\/uploads\\\/2019\\\/12\\\/2018_06_29_Domaine_de_Nalys_Safres_Relevage_005.jpg&quot;}],&quot;animation&quot;:&quot;fadeIn&quot;,&quot;background_slideshow_loop&quot;:&quot;yes&quot;,&quot;background_slideshow_slide_duration&quot;:5000,&quot;background_slideshow_slide_transition&quot;:&quot;fade&quot;,&quot;background_slideshow_transition_duration&quot;:500}\">\n\t\t\t\t\t\t\t<div class=\"elementor-background-overlay\"><\/div>\n\t\t\t\t\t\t\t<div class=\"elementor-container elementor-column-gap-default\">\n\t\t\t\t\t<div class=\"elementor-column elementor-col-100 elementor-top-column elementor-element elementor-element-3795800\" data-id=\"3795800\" data-element_type=\"column\" data-e-type=\"column\">\n\t\t\t<div class=\"elementor-widget-wrap elementor-element-populated\">\n\t\t\t\t\t\t<div class=\"elementor-element elementor-element-81c016e elementor-widget elementor-widget-image\" data-id=\"81c016e\" data-element_type=\"widget\" data-e-type=\"widget\" data-widget_type=\"image.default\">\n\t\t\t\t<div class=\"elementor-widget-container\">\n\t\t\t\t\t\t\t\t\t\t\t\t\t\t\t<img fetchpriority=\"high\" decoding=\"async\" width=\"712\" height=\"640\" src=\"https:\/\/www.lecaveauduchateau.com\/wp-content\/uploads\/2019\/12\/logo-chateau-de-nalys.png\" class=\"attachment-large size-large wp-image-725\" alt=\"Blason Domaine de Nalys Ch\u00e2teauneuf-du-Pape\" srcset=\"https:\/\/www.lecaveauduchateau.com\/wp-content\/uploads\/2019\/12\/logo-chateau-de-nalys.png 712w, https:\/\/www.lecaveauduchateau.com\/wp-content\/uploads\/2019\/12\/logo-chateau-de-nalys-300x270.png 300w\" sizes=\"(max-width: 712px) 100vw, 712px\" \/>\t\t\t\t\t\t\t\t\t\t\t\t\t\t\t<\/div>\n\t\t\t\t<\/div>\n\t\t\t\t<div class=\"elementor-element elementor-element-3ec04a9b elementor-widget elementor-widget-theme-post-title elementor-page-title elementor-widget-heading\" data-id=\"3ec04a9b\" data-element_type=\"widget\" data-e-type=\"widget\" data-widget_type=\"theme-post-title.default\">\n\t\t\t\t<div class=\"elementor-widget-container\">\n\t\t\t\t\t<h1 class=\"elementor-heading-title elementor-size-default\">Le Ch\u00e2teau de Nalys<\/h1>\t\t\t\t<\/div>\n\t\t\t\t<\/div>\n\t\t\t\t<div class=\"elementor-element elementor-element-b63ee4c elementor-widget-divider--view-line elementor-widget elementor-widget-global elementor-global-1258 elementor-widget-divider\" data-id=\"b63ee4c\" data-element_type=\"widget\" data-e-type=\"widget\" data-widget_type=\"divider.default\">\n\t\t\t\t<div class=\"elementor-widget-container\">\n\t\t\t\t\t\t\t<div class=\"elementor-divider\">\n\t\t\t<span class=\"elementor-divider-separator\">\n\t\t\t\t\t\t<\/span>\n\t\t<\/div>\n\t\t\t\t\t\t<\/div>\n\t\t\t\t<\/div>\n\t\t\t\t<div class=\"elementor-element elementor-element-925e981 elementor-widget elementor-widget-heading\" data-id=\"925e981\" data-element_type=\"widget\" data-e-type=\"widget\" data-widget_type=\"heading.default\">\n\t\t\t\t<div class=\"elementor-widget-container\">\n\t\t\t\t\t<h2 class=\"elementor-heading-title elementor-size-default\">Fleuron de la Maison Guigal \u00e0 Ch\u00e2teauneuf-du-Pape et fort de quatre si\u00e8cles d\u2019histoire, ce ch\u00e2teau enti\u00e8rement d\u00e9di\u00e9 \u00e0 cette prestigieuse appellation est dot\u00e9 de terroirs d\u2019exception.<\/h2>\t\t\t\t<\/div>\n\t\t\t\t<\/div>\n\t\t\t\t\t<\/div>\n\t\t<\/div>\n\t\t\t\t\t<\/div>\n\t\t<\/section>\n\t\t\t\t<section class=\"elementor-section elementor-top-section elementor-element elementor-element-e9b1f23 elementor-reverse-mobile elementor-section-boxed elementor-section-height-default elementor-section-height-default\" data-id=\"e9b1f23\" data-element_type=\"section\" data-e-type=\"section\">\n\t\t\t\t\t\t<div class=\"elementor-container elementor-column-gap-default\">\n\t\t\t\t\t<div class=\"elementor-column elementor-col-50 elementor-top-column elementor-element elementor-element-21c2eeb\" data-id=\"21c2eeb\" data-element_type=\"column\" data-e-type=\"column\">\n\t\t\t<div class=\"elementor-widget-wrap elementor-element-populated\">\n\t\t\t\t\t\t<div class=\"elementor-element elementor-element-c033214 elementor-widget elementor-widget-image\" data-id=\"c033214\" data-element_type=\"widget\" data-e-type=\"widget\" data-settings=\"{&quot;motion_fx_motion_fx_scrolling&quot;:&quot;yes&quot;,&quot;motion_fx_translateY_effect&quot;:&quot;yes&quot;,&quot;motion_fx_translateY_speed&quot;:{&quot;unit&quot;:&quot;px&quot;,&quot;size&quot;:3,&quot;sizes&quot;:[]},&quot;motion_fx_translateY_affectedRange&quot;:{&quot;unit&quot;:&quot;%&quot;,&quot;size&quot;:&quot;&quot;,&quot;sizes&quot;:{&quot;start&quot;:0,&quot;end&quot;:50}},&quot;motion_fx_opacity_effect&quot;:&quot;yes&quot;,&quot;motion_fx_opacity_range&quot;:{&quot;unit&quot;:&quot;%&quot;,&quot;size&quot;:&quot;&quot;,&quot;sizes&quot;:{&quot;start&quot;:0,&quot;end&quot;:50}},&quot;motion_fx_opacity_direction&quot;:&quot;out-in&quot;,&quot;motion_fx_opacity_level&quot;:{&quot;unit&quot;:&quot;px&quot;,&quot;size&quot;:10,&quot;sizes&quot;:[]},&quot;motion_fx_devices&quot;:[&quot;desktop&quot;,&quot;tablet&quot;,&quot;mobile&quot;]}\" data-widget_type=\"image.default\">\n\t\t\t\t<div class=\"elementor-widget-container\">\n\t\t\t\t\t\t\t\t\t\t\t\t\t\t\t<img decoding=\"async\" width=\"800\" height=\"534\" src=\"https:\/\/www.lecaveauduchateau.com\/wp-content\/uploads\/2019\/12\/2017_08_13_Domaine_de_Nalys_Ext\u00e9rieurs_001.jpg\" class=\"attachment-large size-large wp-image-719\" alt=\"Domaine de Nalys Ch\u00e2teauneuf-du-Pape\" srcset=\"https:\/\/www.lecaveauduchateau.com\/wp-content\/uploads\/2019\/12\/2017_08_13_Domaine_de_Nalys_Ext\u00e9rieurs_001.jpg 1024w, https:\/\/www.lecaveauduchateau.com\/wp-content\/uploads\/2019\/12\/2017_08_13_Domaine_de_Nalys_Ext\u00e9rieurs_001-300x200.jpg 300w, https:\/\/www.lecaveauduchateau.com\/wp-content\/uploads\/2019\/12\/2017_08_13_Domaine_de_Nalys_Ext\u00e9rieurs_001-768x512.jpg 768w\" sizes=\"(max-width: 800px) 100vw, 800px\" \/>\t\t\t\t\t\t\t\t\t\t\t\t\t\t\t<\/div>\n\t\t\t\t<\/div>\n\t\t\t\t<div class=\"elementor-element elementor-element-4b7a1f8 elementor-widget elementor-widget-image\" data-id=\"4b7a1f8\" data-element_type=\"widget\" data-e-type=\"widget\" data-settings=\"{&quot;motion_fx_motion_fx_scrolling&quot;:&quot;yes&quot;,&quot;motion_fx_translateY_effect&quot;:&quot;yes&quot;,&quot;motion_fx_translateY_speed&quot;:{&quot;unit&quot;:&quot;px&quot;,&quot;size&quot;:3,&quot;sizes&quot;:[]},&quot;motion_fx_translateY_affectedRange&quot;:{&quot;unit&quot;:&quot;%&quot;,&quot;size&quot;:&quot;&quot;,&quot;sizes&quot;:{&quot;start&quot;:0,&quot;end&quot;:50}},&quot;motion_fx_opacity_effect&quot;:&quot;yes&quot;,&quot;motion_fx_opacity_range&quot;:{&quot;unit&quot;:&quot;%&quot;,&quot;size&quot;:&quot;&quot;,&quot;sizes&quot;:{&quot;start&quot;:0,&quot;end&quot;:50}},&quot;motion_fx_opacity_direction&quot;:&quot;out-in&quot;,&quot;motion_fx_opacity_level&quot;:{&quot;unit&quot;:&quot;px&quot;,&quot;size&quot;:10,&quot;sizes&quot;:[]},&quot;motion_fx_devices&quot;:[&quot;desktop&quot;,&quot;tablet&quot;,&quot;mobile&quot;]}\" data-widget_type=\"image.default\">\n\t\t\t\t<div class=\"elementor-widget-container\">\n\t\t\t\t\t\t\t\t\t\t\t\t\t\t\t<img decoding=\"async\" width=\"683\" height=\"1024\" src=\"https:\/\/www.lecaveauduchateau.com\/wp-content\/uploads\/2019\/12\/2017_08_02_Domaine_de_Nalys_Int\u00e9rieurs_083.jpg\" class=\"attachment-large size-large wp-image-718\" alt=\"Caves domaine de Nalys Ch\u00e2teauneuf-du-Pape\" srcset=\"https:\/\/www.lecaveauduchateau.com\/wp-content\/uploads\/2019\/12\/2017_08_02_Domaine_de_Nalys_Int\u00e9rieurs_083.jpg 683w, https:\/\/www.lecaveauduchateau.com\/wp-content\/uploads\/2019\/12\/2017_08_02_Domaine_de_Nalys_Int\u00e9rieurs_083-200x300.jpg 200w\" sizes=\"(max-width: 683px) 100vw, 683px\" \/>\t\t\t\t\t\t\t\t\t\t\t\t\t\t\t<\/div>\n\t\t\t\t<\/div>\n\t\t\t\t<div class=\"elementor-element elementor-element-01fc53d elementor-widget elementor-widget-image\" data-id=\"01fc53d\" data-element_type=\"widget\" data-e-type=\"widget\" data-settings=\"{&quot;motion_fx_motion_fx_scrolling&quot;:&quot;yes&quot;,&quot;motion_fx_translateY_effect&quot;:&quot;yes&quot;,&quot;motion_fx_translateY_speed&quot;:{&quot;unit&quot;:&quot;px&quot;,&quot;size&quot;:2.1,&quot;sizes&quot;:[]},&quot;motion_fx_opacity_effect&quot;:&quot;yes&quot;,&quot;motion_fx_opacity_range&quot;:{&quot;unit&quot;:&quot;%&quot;,&quot;size&quot;:&quot;&quot;,&quot;sizes&quot;:{&quot;start&quot;:0,&quot;end&quot;:41}},&quot;motion_fx_translateY_affectedRange&quot;:{&quot;unit&quot;:&quot;%&quot;,&quot;size&quot;:&quot;&quot;,&quot;sizes&quot;:{&quot;start&quot;:0,&quot;end&quot;:51}},&quot;motion_fx_opacity_direction&quot;:&quot;out-in&quot;,&quot;motion_fx_opacity_level&quot;:{&quot;unit&quot;:&quot;px&quot;,&quot;size&quot;:10,&quot;sizes&quot;:[]},&quot;motion_fx_devices&quot;:[&quot;desktop&quot;,&quot;tablet&quot;,&quot;mobile&quot;]}\" data-widget_type=\"image.default\">\n\t\t\t\t<div class=\"elementor-widget-container\">\n\t\t\t\t\t\t\t\t\t\t\t\t\t\t\t<img loading=\"lazy\" decoding=\"async\" width=\"800\" height=\"534\" src=\"https:\/\/www.lecaveauduchateau.com\/wp-content\/uploads\/2019\/12\/2017_09_12_Domaine_de_Nalys_Vendanges_Christia_024.jpg\" class=\"attachment-large size-large wp-image-720\" alt=\"Domaine de Nalys Ch\u00e2teauneuf-du-Pape\" srcset=\"https:\/\/www.lecaveauduchateau.com\/wp-content\/uploads\/2019\/12\/2017_09_12_Domaine_de_Nalys_Vendanges_Christia_024.jpg 1024w, https:\/\/www.lecaveauduchateau.com\/wp-content\/uploads\/2019\/12\/2017_09_12_Domaine_de_Nalys_Vendanges_Christia_024-300x200.jpg 300w, https:\/\/www.lecaveauduchateau.com\/wp-content\/uploads\/2019\/12\/2017_09_12_Domaine_de_Nalys_Vendanges_Christia_024-768x512.jpg 768w\" sizes=\"(max-width: 800px) 100vw, 800px\" \/>\t\t\t\t\t\t\t\t\t\t\t\t\t\t\t<\/div>\n\t\t\t\t<\/div>\n\t\t\t\t\t<\/div>\n\t\t<\/div>\n\t\t\t\t<div class=\"elementor-column elementor-col-50 elementor-top-column elementor-element elementor-element-57d09b4 animated-slow elementor-invisible\" data-id=\"57d09b4\" data-element_type=\"column\" data-e-type=\"column\" data-settings=\"{&quot;animation&quot;:&quot;fadeIn&quot;}\">\n\t\t\t<div class=\"elementor-widget-wrap elementor-element-populated\">\n\t\t\t\t\t\t<div class=\"elementor-element elementor-element-aeee558 elementor-widget elementor-widget-heading\" data-id=\"aeee558\" data-element_type=\"widget\" data-e-type=\"widget\" data-widget_type=\"heading.default\">\n\t\t\t\t<div class=\"elementor-widget-container\">\n\t\t\t\t\t<h2 class=\"elementor-heading-title elementor-size-default\">Un domaine d'exception sur une des plus anciennes appellations<\/h2>\t\t\t\t<\/div>\n\t\t\t\t<\/div>\n\t\t\t\t<div class=\"elementor-element elementor-element-859f6e1 elementor-widget elementor-widget-text-editor\" data-id=\"859f6e1\" data-element_type=\"widget\" data-e-type=\"widget\" data-widget_type=\"text-editor.default\">\n\t\t\t\t<div class=\"elementor-widget-container\">\n\t\t\t\t\t\t\t\t\t<p>Acquis par la famille Guigal en 2017, <strong>le Ch\u00e2teau de Nalys se situe au c\u0153ur de l\u2019appellation face au village de Ch\u00e2teauneuf-du-Pape<\/strong> et son c\u00e9l\u00e8bre \u00e9difice Castel Papal. Cette propri\u00e9t\u00e9 est l\u2019une des plus anciennes de l\u2019appellation. Les fameux treize c\u00e9pages de Ch\u00e2teauneuf-du-Pape y sont pr\u00e9cieusement cultiv\u00e9s. Trois parcelles encerclent le Ch\u00e2teau, la premi\u00e8re lui a donn\u00e9 son nom\u00a0: \u00ab<strong> Nalys <\/strong>\u00bb, les deux autres sont situ\u00e9es sur deux terroirs majeurs de l\u2019appellation : \u00ab <strong>Le Bois S\u00e9n\u00e9chal<\/strong> \u00bb et \u00ab<strong> La Crau <\/strong>\u00bb.<\/p><p>La Maison Guigal s\u00e9lectionne et \u00e9l\u00e8ve des vins de Ch\u00e2teauneuf-du-Pape depuis sa cr\u00e9ation en 1946 par Etienne Guigal. <strong>Les terroirs de Nalys sont un v\u00e9ritable coup de c\u0153ur pour Marcel et Philippe Guigal<\/strong> qui r\u00e9alisent ainsi le v\u0153u de trois g\u00e9n\u00e9rations en rejoignant cette prestigieuse appellation historique.<\/p><p>Au Ch\u00e2teau de Nalys, tous deux appliquent d\u00e9sormais, avec passion et rigueur, <strong>la\u00a0 philosophie qualitative familiale<\/strong> et ambitionnent de porter au plus haut les couleurs de Ch\u00e2teauneuf-du-Pape au travers de quatre cuv\u00e9es d&rsquo;exception en vin rouge et en vin blanc.<\/p>\t\t\t\t\t\t\t\t<\/div>\n\t\t\t\t<\/div>\n\t\t\t\t\t<\/div>\n\t\t<\/div>\n\t\t\t\t\t<\/div>\n\t\t<\/section>\n\t\t\t\t<section class=\"elementor-section elementor-top-section elementor-element elementor-element-da03f53 elementor-section-boxed elementor-section-height-default elementor-section-height-default\" data-id=\"da03f53\" data-element_type=\"section\" data-e-type=\"section\" data-settings=\"{&quot;background_background&quot;:&quot;classic&quot;}\">\n\t\t\t\t\t\t<div class=\"elementor-container elementor-column-gap-default\">\n\t\t\t\t\t<div class=\"elementor-column elementor-col-50 elementor-top-column elementor-element elementor-element-ed5f080 animated-slow elementor-invisible\" data-id=\"ed5f080\" data-element_type=\"column\" data-e-type=\"column\" data-settings=\"{&quot;animation&quot;:&quot;fadeIn&quot;}\">\n\t\t\t<div class=\"elementor-widget-wrap elementor-element-populated\">\n\t\t\t\t\t\t<div class=\"elementor-element elementor-element-892f552 elementor-widget elementor-widget-heading\" data-id=\"892f552\" data-element_type=\"widget\" data-e-type=\"widget\" data-widget_type=\"heading.default\">\n\t\t\t\t<div class=\"elementor-widget-container\">\n\t\t\t\t\t<h2 class=\"elementor-heading-title elementor-size-default\">Ch\u00e2teauneuf-du-Pape, le vignoble des 13&nbsp;c\u00e9pages<\/h2>\t\t\t\t<\/div>\n\t\t\t\t<\/div>\n\t\t\t\t<div class=\"elementor-element elementor-element-964d931 elementor-widget elementor-widget-text-editor\" data-id=\"964d931\" data-element_type=\"widget\" data-e-type=\"widget\" data-widget_type=\"text-editor.default\">\n\t\t\t\t<div class=\"elementor-widget-container\">\n\t\t\t\t\t\t\t\t\t<p><strong>La culture des treize c\u00e9pages est perp\u00e9tu\u00e9e avec constance et rigueur depuis le XVI<sup>\u00e8me<\/sup> si\u00e8cle \u00e0 Ch\u00e2teauneuf-du-Pape. <\/strong>Les vins blancs de Nalys sont vinifi\u00e9s principalement \u00e0 partir du Grenache blanc et de la Roussanne puis Clairette, Bourboulenc, Picardan et Piquepoul viennent compl\u00e9ter harmonieusement l\u2019enc\u00e9pagement, offrant une large palette aromatique.<\/p><p>Dans les vins rouges de Nalys, le Grenache pr\u00e9domine, \u00e9paul\u00e9 solidement par la Syrah. Enfin, le Mourv\u00e8dre, la Counoise, le Vaccar\u00e8se, le Cinsault, le Terret noir et le Muscardin participent \u00e0 la complexit\u00e9 dans l\u2019\u00e9laboration de ces pr\u00e9cieux flacons.<\/p><p><strong>Depuis de nombreuses ann\u00e9es, le plus grand soin est apport\u00e9 \u00e0 la tenue du vignoble par un suivi rigoureux en viticulture raisonn\u00e9e.<\/strong> Le v\u00e9g\u00e9tal est primordial \u00e0 l\u2019obtention de Grands Vins et la diversit\u00e9 des c\u00e9pages cultiv\u00e9s impose une attention particuli\u00e8re \u00e0 l\u2019\u00e9volution de la vigne au fil des saisons.<\/p><p><strong>Le respect et la mise en valeur de ces terroirs d\u2019exception sont au c\u0153ur des exigences de la Famille Guigal<\/strong> qui oriente peu \u00e0 peu, avec bienveillance, la propri\u00e9t\u00e9 vers une viticulture biologique, sans artifice et \u00e0 l\u2019\u00e9coute de la nature.<\/p>\t\t\t\t\t\t\t\t<\/div>\n\t\t\t\t<\/div>\n\t\t\t\t\t<\/div>\n\t\t<\/div>\n\t\t\t\t<div class=\"elementor-column elementor-col-50 elementor-top-column elementor-element elementor-element-a966a08\" data-id=\"a966a08\" data-element_type=\"column\" data-e-type=\"column\">\n\t\t\t<div class=\"elementor-widget-wrap elementor-element-populated\">\n\t\t\t\t\t\t<div class=\"elementor-element elementor-element-f4a4159 elementor-widget elementor-widget-image\" data-id=\"f4a4159\" data-element_type=\"widget\" data-e-type=\"widget\" data-settings=\"{&quot;motion_fx_motion_fx_scrolling&quot;:&quot;yes&quot;,&quot;motion_fx_translateY_effect&quot;:&quot;yes&quot;,&quot;motion_fx_translateY_affectedRange&quot;:{&quot;unit&quot;:&quot;%&quot;,&quot;size&quot;:&quot;&quot;,&quot;sizes&quot;:{&quot;start&quot;:0,&quot;end&quot;:49}},&quot;motion_fx_opacity_effect&quot;:&quot;yes&quot;,&quot;motion_fx_opacity_range&quot;:{&quot;unit&quot;:&quot;%&quot;,&quot;size&quot;:&quot;&quot;,&quot;sizes&quot;:{&quot;start&quot;:0,&quot;end&quot;:50}},&quot;motion_fx_translateY_speed&quot;:{&quot;unit&quot;:&quot;px&quot;,&quot;size&quot;:4,&quot;sizes&quot;:[]},&quot;motion_fx_opacity_direction&quot;:&quot;out-in&quot;,&quot;motion_fx_opacity_level&quot;:{&quot;unit&quot;:&quot;px&quot;,&quot;size&quot;:10,&quot;sizes&quot;:[]},&quot;motion_fx_devices&quot;:[&quot;desktop&quot;,&quot;tablet&quot;,&quot;mobile&quot;]}\" data-widget_type=\"image.default\">\n\t\t\t\t<div class=\"elementor-widget-container\">\n\t\t\t\t\t\t\t\t\t\t\t\t\t\t\t<img loading=\"lazy\" decoding=\"async\" width=\"800\" height=\"534\" src=\"https:\/\/www.lecaveauduchateau.com\/wp-content\/uploads\/2019\/12\/2017_08_02_Domaine_de_Nalys_Int\u00e9rieurs_064.jpg\" class=\"attachment-large size-large wp-image-717\" alt=\"Caves domaine de Nalys Ch\u00e2teauneuf-du-Pape\" srcset=\"https:\/\/www.lecaveauduchateau.com\/wp-content\/uploads\/2019\/12\/2017_08_02_Domaine_de_Nalys_Int\u00e9rieurs_064.jpg 1024w, https:\/\/www.lecaveauduchateau.com\/wp-content\/uploads\/2019\/12\/2017_08_02_Domaine_de_Nalys_Int\u00e9rieurs_064-300x200.jpg 300w, https:\/\/www.lecaveauduchateau.com\/wp-content\/uploads\/2019\/12\/2017_08_02_Domaine_de_Nalys_Int\u00e9rieurs_064-768x512.jpg 768w\" sizes=\"(max-width: 800px) 100vw, 800px\" \/>\t\t\t\t\t\t\t\t\t\t\t\t\t\t\t<\/div>\n\t\t\t\t<\/div>\n\t\t\t\t<div class=\"elementor-element elementor-element-94e1f05 elementor-widget elementor-widget-image\" data-id=\"94e1f05\" data-element_type=\"widget\" data-e-type=\"widget\" data-settings=\"{&quot;motion_fx_motion_fx_scrolling&quot;:&quot;yes&quot;,&quot;motion_fx_translateY_effect&quot;:&quot;yes&quot;,&quot;motion_fx_translateY_speed&quot;:{&quot;unit&quot;:&quot;px&quot;,&quot;size&quot;:3,&quot;sizes&quot;:[]},&quot;motion_fx_translateY_affectedRange&quot;:{&quot;unit&quot;:&quot;%&quot;,&quot;size&quot;:&quot;&quot;,&quot;sizes&quot;:{&quot;start&quot;:0,&quot;end&quot;:50}},&quot;motion_fx_opacity_effect&quot;:&quot;yes&quot;,&quot;motion_fx_opacity_range&quot;:{&quot;unit&quot;:&quot;%&quot;,&quot;size&quot;:&quot;&quot;,&quot;sizes&quot;:{&quot;start&quot;:0,&quot;end&quot;:49}},&quot;motion_fx_opacity_direction&quot;:&quot;out-in&quot;,&quot;motion_fx_opacity_level&quot;:{&quot;unit&quot;:&quot;px&quot;,&quot;size&quot;:10,&quot;sizes&quot;:[]},&quot;motion_fx_devices&quot;:[&quot;desktop&quot;,&quot;tablet&quot;,&quot;mobile&quot;]}\" data-widget_type=\"image.default\">\n\t\t\t\t<div class=\"elementor-widget-container\">\n\t\t\t\t\t\t\t\t\t\t\t\t\t\t\t<img loading=\"lazy\" decoding=\"async\" width=\"800\" height=\"534\" src=\"https:\/\/www.lecaveauduchateau.com\/wp-content\/uploads\/2019\/12\/2018_10_02_NALYS_Vendanges_Collection_030.jpg\" class=\"attachment-large size-large wp-image-721\" alt=\"Domaine de Nalys Ch\u00e2teauneuf-du-Pape\" srcset=\"https:\/\/www.lecaveauduchateau.com\/wp-content\/uploads\/2019\/12\/2018_10_02_NALYS_Vendanges_Collection_030.jpg 1024w, https:\/\/www.lecaveauduchateau.com\/wp-content\/uploads\/2019\/12\/2018_10_02_NALYS_Vendanges_Collection_030-300x200.jpg 300w, https:\/\/www.lecaveauduchateau.com\/wp-content\/uploads\/2019\/12\/2018_10_02_NALYS_Vendanges_Collection_030-768x512.jpg 768w\" sizes=\"(max-width: 800px) 100vw, 800px\" \/>\t\t\t\t\t\t\t\t\t\t\t\t\t\t\t<\/div>\n\t\t\t\t<\/div>\n\t\t\t\t\t<\/div>\n\t\t<\/div>\n\t\t\t\t\t<\/div>\n\t\t<\/section>\n\t\t<div class=\"elementor-element elementor-element-404bd00a e-flex e-con-boxed elementor-invisible e-con e-parent\" data-id=\"404bd00a\" data-element_type=\"container\" data-e-type=\"container\" data-settings=\"{&quot;animation&quot;:&quot;fadeIn&quot;}\">\n\t\t\t\t\t<div class=\"e-con-inner\">\n\t\t\t\t<div class=\"elementor-element elementor-element-b064bef elementor-widget-divider--view-line_text elementor-widget-divider--element-align-center elementor-widget elementor-widget-divider\" data-id=\"b064bef\" data-element_type=\"widget\" data-e-type=\"widget\" data-widget_type=\"divider.default\">\n\t\t\t\t<div class=\"elementor-widget-container\">\n\t\t\t\t\t\t\t<div class=\"elementor-divider\">\n\t\t\t<span class=\"elementor-divider-separator\">\n\t\t\t\t\t\t\t<h2 class=\"elementor-divider__text elementor-divider__element\">\n\t\t\t\tLes vins du Ch\u00e2teau de Nalys \u00e0 d\u00e9couvrir au Caveau du Ch\u00e2teau\t\t\t\t<\/h2>\n\t\t\t\t\t\t<\/span>\n\t\t<\/div>\n\t\t\t\t\t\t<\/div>\n\t\t\t\t<\/div>\n\t\t<div class=\"elementor-element elementor-element-4cc75dbd e-flex e-con-boxed e-con e-child\" data-id=\"4cc75dbd\" data-element_type=\"container\" data-e-type=\"container\" data-settings=\"{&quot;background_background&quot;:&quot;classic&quot;}\">\n\t\t\t\t\t<div class=\"e-con-inner\">\n\t\t\t\t<div class=\"elementor-element elementor-element-d0b24fa elementor-arrows-position-outside elementor-widget elementor-widget-loop-carousel\" data-id=\"d0b24fa\" data-element_type=\"widget\" data-e-type=\"widget\" data-settings=\"{&quot;template_id&quot;:&quot;4614&quot;,&quot;slides_to_show&quot;:&quot;4&quot;,&quot;slides_to_show_tablet&quot;:&quot;4&quot;,&quot;image_spacing_custom&quot;:{&quot;unit&quot;:&quot;px&quot;,&quot;size&quot;:16,&quot;sizes&quot;:[]},&quot;speed&quot;:750,&quot;_skin&quot;:&quot;post&quot;,&quot;slides_to_show_mobile&quot;:&quot;1&quot;,&quot;slides_to_scroll&quot;:&quot;1&quot;,&quot;edit_handle_selector&quot;:&quot;.elementor-loop-container&quot;,&quot;arrows&quot;:&quot;yes&quot;,&quot;image_spacing_custom_tablet&quot;:{&quot;unit&quot;:&quot;px&quot;,&quot;size&quot;:&quot;&quot;,&quot;sizes&quot;:[]},&quot;image_spacing_custom_mobile&quot;:{&quot;unit&quot;:&quot;px&quot;,&quot;size&quot;:&quot;&quot;,&quot;sizes&quot;:[]}}\" data-widget_type=\"loop-carousel.post\">\n\t\t\t\t<div class=\"elementor-widget-container\">\n\t\t\t\t\t\t\t<div class=\"swiper elementor-loop-container elementor-grid\" role=\"list\" dir=\"ltr\">\n\t\t\t\t<div class=\"swiper-wrapper\" aria-live=\"polite\">\n\t\t<style id=\"loop-4614\">.elementor-4614 .elementor-element.elementor-element-f79ff26{--display:flex;--flex-direction:column;--container-widget-width:100%;--container-widget-height:initial;--container-widget-flex-grow:0;--container-widget-align-self:initial;--flex-wrap-mobile:wrap;--gap:20px 20px;--row-gap:20px;--column-gap:20px;--padding-top:0px;--padding-bottom:0px;--padding-left:0px;--padding-right:0px;}.elementor-4614 .elementor-element.elementor-element-3da3177{text-align:center;}.elementor-4614 .elementor-element.elementor-element-3da3177 img{width:130px;max-width:100%;height:400px;object-fit:contain;object-position:center center;}.elementor-4614 .elementor-element.elementor-element-4a3a0d3{text-align:center;}.elementor-4614 .elementor-element.elementor-element-4a3a0d3 .elementor-heading-title{font-family:\"Playfair Display\", Sans-serif;font-size:1rem;font-weight:400;line-height:1.2em;}@media(max-width:1024px){.elementor-4614 .elementor-element.elementor-element-3da3177 img{width:100px;height:300px;}}<\/style>\t\t<div data-elementor-type=\"loop-item\" data-elementor-id=\"4614\" class=\"elementor elementor-4614 swiper-slide e-loop-item e-loop-item-5441 post-5441 vins type-vins status-publish has-post-thumbnail hentry couleur-rouge cepage-grenache cepage-mourvedre cepage-syrah domaine-nalys appellation-chateauneuf-du-pape\" data-elementor-post-type=\"elementor_library\" role=\"group\" aria-roledescription=\"slide\" data-custom-edit-handle=\"1\">\n\t\t\t<div class=\"elementor-element elementor-element-f79ff26 e-con-full e-flex e-con e-parent\" data-id=\"f79ff26\" data-element_type=\"container\" data-e-type=\"container\">\n\t\t\t\t<div class=\"elementor-element elementor-element-3da3177 elementor-widget elementor-widget-image\" data-id=\"3da3177\" data-element_type=\"widget\" data-e-type=\"widget\" data-widget_type=\"image.default\">\n\t\t\t\t<div class=\"elementor-widget-container\">\n\t\t\t\t\t\t\t\t\t\t\t\t\t\t\t\t<a href=\"https:\/\/www.lecaveauduchateau.com\/en\/vins\/chateauneuf-du-pape-chateau-de-nalys-2\/\">\n\t\t\t\t\t\t\t<img loading=\"lazy\" decoding=\"async\" width=\"217\" height=\"800\" src=\"https:\/\/www.lecaveauduchateau.com\/wp-content\/uploads\/2020\/02\/chateau-de-nalys-chateauneuf-du-pape-rouge.png\" class=\"attachment-medium_large size-medium_large wp-image-2168\" alt=\"Ch\u00e2teauneuf-du-Pape - Grand Vin - Ch\u00e2teau de Nalys - Rouge\" srcset=\"https:\/\/www.lecaveauduchateau.com\/wp-content\/uploads\/2020\/02\/chateau-de-nalys-chateauneuf-du-pape-rouge.png 217w, https:\/\/www.lecaveauduchateau.com\/wp-content\/uploads\/2020\/02\/chateau-de-nalys-chateauneuf-du-pape-rouge-81x300.png 81w\" sizes=\"(max-width: 217px) 100vw, 217px\" \/>\t\t\t\t\t\t\t\t<\/a>\n\t\t\t\t\t\t\t\t\t\t\t\t\t\t\t<\/div>\n\t\t\t\t<\/div>\n\t\t\t\t<div class=\"elementor-element elementor-element-4a3a0d3 elementor-widget elementor-widget-heading\" data-id=\"4a3a0d3\" data-element_type=\"widget\" data-e-type=\"widget\" data-widget_type=\"heading.default\">\n\t\t\t\t<div class=\"elementor-widget-container\">\n\t\t\t\t\t<div class=\"elementor-heading-title elementor-size-default\">Ch\u00e2teauneuf-du-Pape Ch\u00e2teau de Nalys<\/div>\t\t\t\t<\/div>\n\t\t\t\t<\/div>\n\t\t\t\t<\/div>\n\t\t\t\t<\/div>\n\t\t\t\t<div data-elementor-type=\"loop-item\" data-elementor-id=\"4614\" class=\"elementor elementor-4614 swiper-slide e-loop-item e-loop-item-5440 post-5440 vins type-vins status-publish has-post-thumbnail hentry couleur-blanc cepage-grenache-blanc cepage-roussanne domaine-nalys appellation-chateauneuf-du-pape\" data-elementor-post-type=\"elementor_library\" role=\"group\" aria-roledescription=\"slide\" data-custom-edit-handle=\"1\">\n\t\t\t<div class=\"elementor-element elementor-element-f79ff26 e-con-full e-flex e-con e-parent\" data-id=\"f79ff26\" data-element_type=\"container\" data-e-type=\"container\">\n\t\t\t\t<div class=\"elementor-element elementor-element-3da3177 elementor-widget elementor-widget-image\" data-id=\"3da3177\" data-element_type=\"widget\" data-e-type=\"widget\" data-widget_type=\"image.default\">\n\t\t\t\t<div class=\"elementor-widget-container\">\n\t\t\t\t\t\t\t\t\t\t\t\t\t\t\t\t<a href=\"https:\/\/www.lecaveauduchateau.com\/en\/vins\/chateauneuf-du-pape-chateau-de-nalys\/\">\n\t\t\t\t\t\t\t<img loading=\"lazy\" decoding=\"async\" width=\"217\" height=\"800\" src=\"https:\/\/www.lecaveauduchateau.com\/wp-content\/uploads\/2020\/02\/chateau-de-nalys-chateauneuf-du-pape-blanc.png\" class=\"attachment-medium_large size-medium_large wp-image-2167\" alt=\"Ch\u00e2teauneuf-du-Pape - Grand Vin - Ch\u00e2teau de Nalys - Blanc\" srcset=\"https:\/\/www.lecaveauduchateau.com\/wp-content\/uploads\/2020\/02\/chateau-de-nalys-chateauneuf-du-pape-blanc.png 217w, https:\/\/www.lecaveauduchateau.com\/wp-content\/uploads\/2020\/02\/chateau-de-nalys-chateauneuf-du-pape-blanc-81x300.png 81w\" sizes=\"(max-width: 217px) 100vw, 217px\" \/>\t\t\t\t\t\t\t\t<\/a>\n\t\t\t\t\t\t\t\t\t\t\t\t\t\t\t<\/div>\n\t\t\t\t<\/div>\n\t\t\t\t<div class=\"elementor-element elementor-element-4a3a0d3 elementor-widget elementor-widget-heading\" data-id=\"4a3a0d3\" data-element_type=\"widget\" data-e-type=\"widget\" data-widget_type=\"heading.default\">\n\t\t\t\t<div class=\"elementor-widget-container\">\n\t\t\t\t\t<div class=\"elementor-heading-title elementor-size-default\">Ch\u00e2teauneuf-du-Pape Ch\u00e2teau de Nalys<\/div>\t\t\t\t<\/div>\n\t\t\t\t<\/div>\n\t\t\t\t<\/div>\n\t\t\t\t<\/div>\n\t\t\t\t<div data-elementor-type=\"loop-item\" data-elementor-id=\"4614\" class=\"elementor elementor-4614 swiper-slide e-loop-item e-loop-item-5439 post-5439 vins type-vins status-publish has-post-thumbnail hentry couleur-rouge cepage-grenache cepage-syrah domaine-nalys appellation-chateauneuf-du-pape\" data-elementor-post-type=\"elementor_library\" role=\"group\" aria-roledescription=\"slide\" data-custom-edit-handle=\"1\">\n\t\t\t<div class=\"elementor-element elementor-element-f79ff26 e-con-full e-flex e-con e-parent\" data-id=\"f79ff26\" data-element_type=\"container\" data-e-type=\"container\">\n\t\t\t\t<div class=\"elementor-element elementor-element-3da3177 elementor-widget elementor-widget-image\" data-id=\"3da3177\" data-element_type=\"widget\" data-e-type=\"widget\" data-widget_type=\"image.default\">\n\t\t\t\t<div class=\"elementor-widget-container\">\n\t\t\t\t\t\t\t\t\t\t\t\t\t\t\t\t<a href=\"https:\/\/www.lecaveauduchateau.com\/en\/vins\/chateauneuf-du-pape-saintes-pierres-2\/\">\n\t\t\t\t\t\t\t<img loading=\"lazy\" decoding=\"async\" width=\"217\" height=\"800\" src=\"https:\/\/www.lecaveauduchateau.com\/wp-content\/uploads\/2020\/02\/chateau-de-nalys-chateauneuf-du-pape-saintes-pierres-rouge.png\" class=\"attachment-medium_large size-medium_large wp-image-2170\" alt=\"Ch\u00e2teauneuf-du-Pape - Saintes Pierres - Ch\u00e2teau de Nalys - Rouge\" srcset=\"https:\/\/www.lecaveauduchateau.com\/wp-content\/uploads\/2020\/02\/chateau-de-nalys-chateauneuf-du-pape-saintes-pierres-rouge.png 217w, https:\/\/www.lecaveauduchateau.com\/wp-content\/uploads\/2020\/02\/chateau-de-nalys-chateauneuf-du-pape-saintes-pierres-rouge-81x300.png 81w\" sizes=\"(max-width: 217px) 100vw, 217px\" \/>\t\t\t\t\t\t\t\t<\/a>\n\t\t\t\t\t\t\t\t\t\t\t\t\t\t\t<\/div>\n\t\t\t\t<\/div>\n\t\t\t\t<div class=\"elementor-element elementor-element-4a3a0d3 elementor-widget elementor-widget-heading\" data-id=\"4a3a0d3\" data-element_type=\"widget\" data-e-type=\"widget\" data-widget_type=\"heading.default\">\n\t\t\t\t<div class=\"elementor-widget-container\">\n\t\t\t\t\t<div class=\"elementor-heading-title elementor-size-default\">Ch\u00e2teauneuf-du-pape \u00ab\u00a0Saintes Pierres\u00a0\u00bb<\/div>\t\t\t\t<\/div>\n\t\t\t\t<\/div>\n\t\t\t\t<\/div>\n\t\t\t\t<\/div>\n\t\t\t\t<div data-elementor-type=\"loop-item\" data-elementor-id=\"4614\" class=\"elementor elementor-4614 swiper-slide e-loop-item e-loop-item-5438 post-5438 vins type-vins status-publish has-post-thumbnail hentry couleur-blanc cepage-grenache-blanc domaine-nalys appellation-chateauneuf-du-pape\" data-elementor-post-type=\"elementor_library\" role=\"group\" aria-roledescription=\"slide\" data-custom-edit-handle=\"1\">\n\t\t\t<div class=\"elementor-element elementor-element-f79ff26 e-con-full e-flex e-con e-parent\" data-id=\"f79ff26\" data-element_type=\"container\" data-e-type=\"container\">\n\t\t\t\t<div class=\"elementor-element elementor-element-3da3177 elementor-widget elementor-widget-image\" data-id=\"3da3177\" data-element_type=\"widget\" data-e-type=\"widget\" data-widget_type=\"image.default\">\n\t\t\t\t<div class=\"elementor-widget-container\">\n\t\t\t\t\t\t\t\t\t\t\t\t\t\t\t\t<a href=\"https:\/\/www.lecaveauduchateau.com\/en\/vins\/chateauneuf-du-pape-saintes-pierres\/\">\n\t\t\t\t\t\t\t<img loading=\"lazy\" decoding=\"async\" width=\"217\" height=\"800\" src=\"https:\/\/www.lecaveauduchateau.com\/wp-content\/uploads\/2020\/02\/chateau-de-nalys-chateauneuf-du-pape-saintes-pierres-blanc.png\" class=\"attachment-medium_large size-medium_large wp-image-2169\" alt=\"Ch\u00e2teauneuf-du-Pape - Saintes Pierres - Ch\u00e2teau de Nalys - Blanc\" srcset=\"https:\/\/www.lecaveauduchateau.com\/wp-content\/uploads\/2020\/02\/chateau-de-nalys-chateauneuf-du-pape-saintes-pierres-blanc.png 217w, https:\/\/www.lecaveauduchateau.com\/wp-content\/uploads\/2020\/02\/chateau-de-nalys-chateauneuf-du-pape-saintes-pierres-blanc-81x300.png 81w\" sizes=\"(max-width: 217px) 100vw, 217px\" \/>\t\t\t\t\t\t\t\t<\/a>\n\t\t\t\t\t\t\t\t\t\t\t\t\t\t\t<\/div>\n\t\t\t\t<\/div>\n\t\t\t\t<div class=\"elementor-element elementor-element-4a3a0d3 elementor-widget elementor-widget-heading\" data-id=\"4a3a0d3\" data-element_type=\"widget\" data-e-type=\"widget\" data-widget_type=\"heading.default\">\n\t\t\t\t<div class=\"elementor-widget-container\">\n\t\t\t\t\t<div class=\"elementor-heading-title elementor-size-default\">Ch\u00e2teauneuf-du-Pape \u00ab\u00a0Saintes Pierres\u00a0\u00bb<\/div>\t\t\t\t<\/div>\n\t\t\t\t<\/div>\n\t\t\t\t<\/div>\n\t\t\t\t<\/div>\n\t\t\t\t<\/div>\n\t\t<\/div>\n\t\t\t\t\t<div class=\"elementor-swiper-button elementor-swiper-button-prev\" role=\"button\" tabindex=\"0\" aria-label=\"Previous\">\n\t\t\t\t<svg aria-hidden=\"true\" class=\"e-font-icon-svg e-eicon-chevron-left\" viewBox=\"0 0 1000 1000\" xmlns=\"http:\/\/www.w3.org\/2000\/svg\"><path d=\"M646 125C629 125 613 133 604 142L308 442C296 454 292 471 292 487 292 504 296 521 308 533L604 854C617 867 629 875 646 875 663 875 679 871 692 858 704 846 713 829 713 812 713 796 708 779 692 767L438 487 692 225C700 217 708 204 708 187 708 171 704 154 692 142 675 129 663 125 646 125Z\"><\/path><\/svg>\t\t\t<\/div>\n\t\t\t<div class=\"elementor-swiper-button elementor-swiper-button-next\" role=\"button\" tabindex=\"0\" aria-label=\"Next\">\n\t\t\t\t<svg aria-hidden=\"true\" class=\"e-font-icon-svg e-eicon-chevron-right\" viewBox=\"0 0 1000 1000\" xmlns=\"http:\/\/www.w3.org\/2000\/svg\"><path d=\"M696 533C708 521 713 504 713 487 713 471 708 454 696 446L400 146C388 133 375 125 354 125 338 125 325 129 313 142 300 154 292 171 292 187 292 204 296 221 308 233L563 492 304 771C292 783 288 800 288 817 288 833 296 850 308 863 321 871 338 875 354 875 371 875 388 867 400 854L696 533Z\"><\/path><\/svg>\t\t\t<\/div>\n\t\t\t\t\t\t<\/div>\n\t\t\t\t<\/div>\n\t\t\t\t<div class=\"elementor-element elementor-element-1dd33ffb elementor-align-center elementor-widget elementor-widget-button\" data-id=\"1dd33ffb\" data-element_type=\"widget\" data-e-type=\"widget\" data-widget_type=\"button.default\">\n\t\t\t\t<div class=\"elementor-widget-container\">\n\t\t\t\t\t\t\t\t\t<div class=\"elementor-button-wrapper\">\n\t\t\t\t\t<a class=\"elementor-button elementor-button-link elementor-size-sm\" href=\"https:\/\/www.lecaveauduchateau.com\/en\/tous-nos-vins\/\">\n\t\t\t\t\t\t<span class=\"elementor-button-content-wrapper\">\n\t\t\t\t\t\t\t\t\t<span class=\"elementor-button-text\">Tous nos vins<\/span>\n\t\t\t\t\t<\/span>\n\t\t\t\t\t<\/a>\n\t\t\t\t<\/div>\n\t\t\t\t\t\t\t\t<\/div>\n\t\t\t\t<\/div>\n\t\t\t\t\t<\/div>\n\t\t\t\t<\/div>\n\t\t\t\t\t<\/div>\n\t\t\t\t<\/div>\n\t\t\t\t<\/div>\n\t\t","protected":false},"excerpt":{"rendered":"<p>Fleuron de la Maison Guigal \u00e0 Ch\u00e2teauneuf-du-Pape et fort de quatre si\u00e8cles d\u2019histoire, ce ch\u00e2teau enti\u00e8rement d\u00e9di\u00e9 \u00e0 cette prestigieuse appellation est dot\u00e9 de terroirs d\u2019exception. Un domaine d&rsquo;exception sur une des plus anciennes appellations Acquis par la famille Guigal en 2017, le Ch\u00e2teau de Nalys se situe au c\u0153ur de l\u2019appellation face au village [&hellip;]<\/p>\n","protected":false},"author":1,"featured_media":276,"parent":0,"menu_order":0,"comment_status":"closed","ping_status":"closed","template":"elementor_header_footer","meta":{"_acf_changed":false,"footnotes":""},"class_list":["post-706","page","type-page","status-publish","has-post-thumbnail","hentry"],"acf":[],"yoast_head":"<!-- This site is optimized with the Yoast SEO plugin v26.7 - https:\/\/yoast.com\/wordpress\/plugins\/seo\/ -->\n<title>Les grands vins du Ch\u00e2teau de Nalys \u00e0 d\u00e9guster au Caveau du Ch\u00e2teau<\/title>\n<meta name=\"description\" content=\"D\u00e9couvrez et d\u00e9gustez les grands vins de l&#039;appelation Ch\u00e2teauneuf-du-Pape du Ch\u00e2teau de Nalys en C\u00f4tes-du-Rh\u00f4ne au Caveau du Ch\u00e2teau.\" \/>\n<meta name=\"robots\" content=\"index, follow, max-snippet:-1, max-image-preview:large, max-video-preview:-1\" \/>\n<link rel=\"canonical\" href=\"https:\/\/www.lecaveauduchateau.com\/en\/chateau-de-nalys\/\" \/>\n<meta property=\"og:locale\" content=\"en_GB\" \/>\n<meta property=\"og:type\" content=\"article\" \/>\n<meta property=\"og:title\" content=\"Les grands vins du Ch\u00e2teau de Nalys \u00e0 d\u00e9guster au Caveau du Ch\u00e2teau\" \/>\n<meta property=\"og:description\" content=\"D\u00e9couvrez et d\u00e9gustez les grands vins de l&#039;appelation Ch\u00e2teauneuf-du-Pape du Ch\u00e2teau de Nalys en C\u00f4tes-du-Rh\u00f4ne au Caveau du Ch\u00e2teau.\" \/>\n<meta property=\"og:url\" content=\"https:\/\/www.lecaveauduchateau.com\/en\/chateau-de-nalys\/\" \/>\n<meta property=\"og:site_name\" content=\"Le Caveau du Ch\u00e2teau\" \/>\n<meta property=\"article:modified_time\" content=\"2024-05-03T13:18:32+00:00\" \/>\n<meta property=\"og:image\" content=\"https:\/\/www.lecaveauduchateau.com\/wp-content\/uploads\/2019\/12\/BLASON-NALYS.png\" \/>\n\t<meta property=\"og:image:width\" content=\"500\" \/>\n\t<meta property=\"og:image:height\" content=\"434\" \/>\n\t<meta property=\"og:image:type\" content=\"image\/png\" \/>\n<meta name=\"twitter:card\" content=\"summary_large_image\" \/>\n<meta name=\"twitter:label1\" content=\"Estimated reading time\" \/>\n\t<meta name=\"twitter:data1\" content=\"2 minutes\" \/>\n<script type=\"application\/ld+json\" class=\"yoast-schema-graph\">{\"@context\":\"https:\/\/schema.org\",\"@graph\":[{\"@type\":\"WebPage\",\"@id\":\"https:\/\/www.lecaveauduchateau.com\/chateau-de-nalys\/\",\"url\":\"https:\/\/www.lecaveauduchateau.com\/chateau-de-nalys\/\",\"name\":\"Les grands vins du Ch\u00e2teau de Nalys \u00e0 d\u00e9guster au Caveau du Ch\u00e2teau\",\"isPartOf\":{\"@id\":\"https:\/\/www.lecaveauduchateau.com\/#website\"},\"primaryImageOfPage\":{\"@id\":\"https:\/\/www.lecaveauduchateau.com\/chateau-de-nalys\/#primaryimage\"},\"image\":{\"@id\":\"https:\/\/www.lecaveauduchateau.com\/chateau-de-nalys\/#primaryimage\"},\"thumbnailUrl\":\"https:\/\/www.lecaveauduchateau.com\/wp-content\/uploads\/2019\/12\/BLASON-NALYS.png\",\"datePublished\":\"2019-12-16T10:01:22+00:00\",\"dateModified\":\"2024-05-03T13:18:32+00:00\",\"description\":\"D\u00e9couvrez et d\u00e9gustez les grands vins de l'appelation Ch\u00e2teauneuf-du-Pape du Ch\u00e2teau de Nalys en C\u00f4tes-du-Rh\u00f4ne au Caveau du Ch\u00e2teau.\",\"breadcrumb\":{\"@id\":\"https:\/\/www.lecaveauduchateau.com\/chateau-de-nalys\/#breadcrumb\"},\"inLanguage\":\"en-GB\",\"potentialAction\":[{\"@type\":\"ReadAction\",\"target\":[\"https:\/\/www.lecaveauduchateau.com\/chateau-de-nalys\/\"]}]},{\"@type\":\"ImageObject\",\"inLanguage\":\"en-GB\",\"@id\":\"https:\/\/www.lecaveauduchateau.com\/chateau-de-nalys\/#primaryimage\",\"url\":\"https:\/\/www.lecaveauduchateau.com\/wp-content\/uploads\/2019\/12\/BLASON-NALYS.png\",\"contentUrl\":\"https:\/\/www.lecaveauduchateau.com\/wp-content\/uploads\/2019\/12\/BLASON-NALYS.png\",\"width\":500,\"height\":434,\"caption\":\"Blason Domaine de Nalys\"},{\"@type\":\"BreadcrumbList\",\"@id\":\"https:\/\/www.lecaveauduchateau.com\/chateau-de-nalys\/#breadcrumb\",\"itemListElement\":[{\"@type\":\"ListItem\",\"position\":1,\"name\":\"Accueil\",\"item\":\"https:\/\/www.lecaveauduchateau.com\/\"},{\"@type\":\"ListItem\",\"position\":2,\"name\":\"Le Ch\u00e2teau de Nalys\"}]},{\"@type\":\"WebSite\",\"@id\":\"https:\/\/www.lecaveauduchateau.com\/#website\",\"url\":\"https:\/\/www.lecaveauduchateau.com\/\",\"name\":\"Le Caveau du Ch\u00e2teau\",\"description\":\"Ventes et d\u00e9gustations de vins des maisons Guigal, Vidal-Fleury, du domaine de Bonserine et des ch\u00e2teaux de Nalys et d&#039;Aqueria\",\"publisher\":{\"@id\":\"https:\/\/www.lecaveauduchateau.com\/#organization\"},\"potentialAction\":[{\"@type\":\"SearchAction\",\"target\":{\"@type\":\"EntryPoint\",\"urlTemplate\":\"https:\/\/www.lecaveauduchateau.com\/?s={search_term_string}\"},\"query-input\":{\"@type\":\"PropertyValueSpecification\",\"valueRequired\":true,\"valueName\":\"search_term_string\"}}],\"inLanguage\":\"en-GB\"},{\"@type\":\"Organization\",\"@id\":\"https:\/\/www.lecaveauduchateau.com\/#organization\",\"name\":\"Le Caveau du Ch\u00e2teau\",\"url\":\"https:\/\/www.lecaveauduchateau.com\/\",\"logo\":{\"@type\":\"ImageObject\",\"inLanguage\":\"en-GB\",\"@id\":\"https:\/\/www.lecaveauduchateau.com\/#\/schema\/logo\/image\/\",\"url\":\"https:\/\/www.lecaveauduchateau.com\/wp-content\/uploads\/2019\/12\/logo-caveau-du-chateau-guigal.png\",\"contentUrl\":\"https:\/\/www.lecaveauduchateau.com\/wp-content\/uploads\/2019\/12\/logo-caveau-du-chateau-guigal.png\",\"width\":800,\"height\":442,\"caption\":\"Le Caveau du Ch\u00e2teau\"},\"image\":{\"@id\":\"https:\/\/www.lecaveauduchateau.com\/#\/schema\/logo\/image\/\"}}]}<\/script>\n<!-- \/ Yoast SEO plugin. -->","yoast_head_json":{"title":"Les grands vins du Ch\u00e2teau de Nalys \u00e0 d\u00e9guster au Caveau du Ch\u00e2teau","description":"D\u00e9couvrez et d\u00e9gustez les grands vins de l'appelation Ch\u00e2teauneuf-du-Pape du Ch\u00e2teau de Nalys en C\u00f4tes-du-Rh\u00f4ne au Caveau du Ch\u00e2teau.","robots":{"index":"index","follow":"follow","max-snippet":"max-snippet:-1","max-image-preview":"max-image-preview:large","max-video-preview":"max-video-preview:-1"},"canonical":"https:\/\/www.lecaveauduchateau.com\/en\/chateau-de-nalys\/","og_locale":"en_GB","og_type":"article","og_title":"Les grands vins du Ch\u00e2teau de Nalys \u00e0 d\u00e9guster au Caveau du Ch\u00e2teau","og_description":"D\u00e9couvrez et d\u00e9gustez les grands vins de l'appelation Ch\u00e2teauneuf-du-Pape du Ch\u00e2teau de Nalys en C\u00f4tes-du-Rh\u00f4ne au Caveau du Ch\u00e2teau.","og_url":"https:\/\/www.lecaveauduchateau.com\/en\/chateau-de-nalys\/","og_site_name":"Le Caveau du Ch\u00e2teau","article_modified_time":"2024-05-03T13:18:32+00:00","og_image":[{"width":500,"height":434,"url":"https:\/\/www.lecaveauduchateau.com\/wp-content\/uploads\/2019\/12\/BLASON-NALYS.png","type":"image\/png"}],"twitter_card":"summary_large_image","twitter_misc":{"Estimated reading time":"2 minutes"},"schema":{"@context":"https:\/\/schema.org","@graph":[{"@type":"WebPage","@id":"https:\/\/www.lecaveauduchateau.com\/chateau-de-nalys\/","url":"https:\/\/www.lecaveauduchateau.com\/chateau-de-nalys\/","name":"Les grands vins du Ch\u00e2teau de Nalys \u00e0 d\u00e9guster au Caveau du Ch\u00e2teau","isPartOf":{"@id":"https:\/\/www.lecaveauduchateau.com\/#website"},"primaryImageOfPage":{"@id":"https:\/\/www.lecaveauduchateau.com\/chateau-de-nalys\/#primaryimage"},"image":{"@id":"https:\/\/www.lecaveauduchateau.com\/chateau-de-nalys\/#primaryimage"},"thumbnailUrl":"https:\/\/www.lecaveauduchateau.com\/wp-content\/uploads\/2019\/12\/BLASON-NALYS.png","datePublished":"2019-12-16T10:01:22+00:00","dateModified":"2024-05-03T13:18:32+00:00","description":"D\u00e9couvrez et d\u00e9gustez les grands vins de l'appelation Ch\u00e2teauneuf-du-Pape du Ch\u00e2teau de Nalys en C\u00f4tes-du-Rh\u00f4ne au Caveau du Ch\u00e2teau.","breadcrumb":{"@id":"https:\/\/www.lecaveauduchateau.com\/chateau-de-nalys\/#breadcrumb"},"inLanguage":"en-GB","potentialAction":[{"@type":"ReadAction","target":["https:\/\/www.lecaveauduchateau.com\/chateau-de-nalys\/"]}]},{"@type":"ImageObject","inLanguage":"en-GB","@id":"https:\/\/www.lecaveauduchateau.com\/chateau-de-nalys\/#primaryimage","url":"https:\/\/www.lecaveauduchateau.com\/wp-content\/uploads\/2019\/12\/BLASON-NALYS.png","contentUrl":"https:\/\/www.lecaveauduchateau.com\/wp-content\/uploads\/2019\/12\/BLASON-NALYS.png","width":500,"height":434,"caption":"Blason Domaine de Nalys"},{"@type":"BreadcrumbList","@id":"https:\/\/www.lecaveauduchateau.com\/chateau-de-nalys\/#breadcrumb","itemListElement":[{"@type":"ListItem","position":1,"name":"Accueil","item":"https:\/\/www.lecaveauduchateau.com\/"},{"@type":"ListItem","position":2,"name":"Le Ch\u00e2teau de Nalys"}]},{"@type":"WebSite","@id":"https:\/\/www.lecaveauduchateau.com\/#website","url":"https:\/\/www.lecaveauduchateau.com\/","name":"Le Caveau du Ch\u00e2teau","description":"Ventes et d\u00e9gustations de vins des maisons Guigal, Vidal-Fleury, du domaine de Bonserine et des ch\u00e2teaux de Nalys et d&#039;Aqueria","publisher":{"@id":"https:\/\/www.lecaveauduchateau.com\/#organization"},"potentialAction":[{"@type":"SearchAction","target":{"@type":"EntryPoint","urlTemplate":"https:\/\/www.lecaveauduchateau.com\/?s={search_term_string}"},"query-input":{"@type":"PropertyValueSpecification","valueRequired":true,"valueName":"search_term_string"}}],"inLanguage":"en-GB"},{"@type":"Organization","@id":"https:\/\/www.lecaveauduchateau.com\/#organization","name":"Le Caveau du Ch\u00e2teau","url":"https:\/\/www.lecaveauduchateau.com\/","logo":{"@type":"ImageObject","inLanguage":"en-GB","@id":"https:\/\/www.lecaveauduchateau.com\/#\/schema\/logo\/image\/","url":"https:\/\/www.lecaveauduchateau.com\/wp-content\/uploads\/2019\/12\/logo-caveau-du-chateau-guigal.png","contentUrl":"https:\/\/www.lecaveauduchateau.com\/wp-content\/uploads\/2019\/12\/logo-caveau-du-chateau-guigal.png","width":800,"height":442,"caption":"Le Caveau du Ch\u00e2teau"},"image":{"@id":"https:\/\/www.lecaveauduchateau.com\/#\/schema\/logo\/image\/"}}]}},"_links":{"self":[{"href":"https:\/\/www.lecaveauduchateau.com\/en\/wp-json\/wp\/v2\/pages\/706","targetHints":{"allow":["GET"]}}],"collection":[{"href":"https:\/\/www.lecaveauduchateau.com\/en\/wp-json\/wp\/v2\/pages"}],"about":[{"href":"https:\/\/www.lecaveauduchateau.com\/en\/wp-json\/wp\/v2\/types\/page"}],"author":[{"embeddable":true,"href":"https:\/\/www.lecaveauduchateau.com\/en\/wp-json\/wp\/v2\/users\/1"}],"replies":[{"embeddable":true,"href":"https:\/\/www.lecaveauduchateau.com\/en\/wp-json\/wp\/v2\/comments?post=706"}],"version-history":[{"count":85,"href":"https:\/\/www.lecaveauduchateau.com\/en\/wp-json\/wp\/v2\/pages\/706\/revisions"}],"predecessor-version":[{"id":4900,"href":"https:\/\/www.lecaveauduchateau.com\/en\/wp-json\/wp\/v2\/pages\/706\/revisions\/4900"}],"wp:featuredmedia":[{"embeddable":true,"href":"https:\/\/www.lecaveauduchateau.com\/en\/wp-json\/wp\/v2\/media\/276"}],"wp:attachment":[{"href":"https:\/\/www.lecaveauduchateau.com\/en\/wp-json\/wp\/v2\/media?parent=706"}],"curies":[{"name":"wp","href":"https:\/\/api.w.org\/{rel}","templated":true}]}}